{"id":5248,"date":"2021-02-21T19:22:43","date_gmt":"2021-02-21T18:22:43","guid":{"rendered":"https:\/\/neomarca.pt\/staging2\/pt\/?page_id=5248"},"modified":"2023-12-04T18:41:07","modified_gmt":"2023-12-04T17:41:07","slug":"portugal-2030","status":"publish","type":"page","link":"https:\/\/neomarca.pt\/pt\/portugal-2030\/","title":{"rendered":"PORTUGAL 2030"},"content":{"rendered":"\t\t<div data-elementor-type=\"wp-page\" data-elementor-id=\"5248\" class=\"elementor elementor-5248\" data-elementor-post-type=\"page\">\n\t\t\t\t\t\t<section class=\"elementor-section elementor-top-section elementor-element elementor-element-52f9ed98 p-60 elementor-section-boxed elementor-section-height-default elementor-section-height-default\" data-id=\"52f9ed98\" data-element_type=\"section\">\n\t\t\t\t\t\t<div class=\"elementor-container elementor-column-gap-default\">\n\t\t\t\t\t<div class=\"elementor-column elementor-col-100 elementor-top-column elementor-element elementor-element-2e98fe6b\" data-id=\"2e98fe6b\" data-element_type=\"column\">\n\t\t\t<div class=\"elementor-widget-wrap elementor-element-populated\">\n\t\t\t\t\t\t<div class=\"elementor-element elementor-element-b014907 elementor-widget elementor-widget-text-editor\" data-id=\"b014907\" data-element_type=\"widget\" data-widget_type=\"text-editor.default\">\n\t\t\t\t<div class=\"elementor-widget-container\">\n\t\t\t\t\t\t\t<p>O Portugal 2030 p\u00f5e em pr\u00e1tica o Acordo de Parceria entre Portugal e a Comiss\u00e3o Europeia para aplicar\u00a0<strong>23 mil milh\u00f5es de euros dos fundos europeus em projetos que estimulem e desenvolvam a economia portuguesa<\/strong>, entre 2021 e 2027.<\/p><p>A programa\u00e7\u00e3o do Portugal 2030 \u00e9 feita em torno de\u00a0<strong>cinco<\/strong>\u00a0<strong>objetivos estrat\u00e9gicos<\/strong>\u00a0<strong>e<\/strong>\u00a0<strong>um objetivo espec\u00edfico<\/strong>\u00a0da Uni\u00e3o Europeia.<\/p><p><strong>Portugal + inteligente<\/strong><br \/>Investindo na investiga\u00e7\u00e3o e inova\u00e7\u00e3o, na digitaliza\u00e7\u00e3o (incluindo conectividade digital), na competitividade e internacionaliza\u00e7\u00e3o das empresas, nas compet\u00eancias para a especializa\u00e7\u00e3o inteligente, a transi\u00e7\u00e3o industrial e o empreendedorismo.<\/p><p><strong>Portugal + conectado<\/strong><br \/>Com redes de transportes estrat\u00e9gicas, baseada numa forte aposta na ferrovia, potenciando a mobilidade de pessoas e bens, bem como a qualifica\u00e7\u00e3o dos territ\u00f3rios, garantindo a sua atratividade, competitividade e inser\u00e7\u00e3o nos mercados nacional e internacional.<\/p><p><br \/><strong>Portugal + verde<\/strong><br \/>Orientado para a transi\u00e7\u00e3o verde, acompanhando a emerg\u00eancia clim\u00e1tica e incorporando as metas da descarboniza\u00e7\u00e3o, da efici\u00eancia energ\u00e9tica e refor\u00e7o das energias renov\u00e1veis, e apoiando a inova\u00e7\u00e3o, a economia circular e a mobilidade sustent\u00e1vel.<\/p><p><strong>Portugal + social<\/strong><br \/>Apoiando a melhoria das qualifica\u00e7\u00f5es da popula\u00e7\u00e3o, a igualdade de acesso aos cuidados de sa\u00fade, promovendo o emprego de qualidade, a inclus\u00e3o social, seguindo as prioridades estabelecidas no Pilar Europeu dos Direitos Sociais.<\/p><p><strong>Portugal + pr\u00f3ximo dos cidad\u00e3os<\/strong><br \/>Apoiando estrat\u00e9gias de desenvolvimento a n\u00edvel local, promotoras de coes\u00e3o social e territorial, e apoiando o desenvolvimento urbano sustent\u00e1vel, baseado no conceito de interliga\u00e7\u00e3o de redes, centrada nas necessidades das pessoas.<\/p><p><br \/><strong>Portugal + transi\u00e7\u00e3o justa<\/strong><br \/>Para assegurar que a transi\u00e7\u00e3o para uma economia sustent\u00e1vel e neutra em carbono se processa de forma justa.<\/p>\t\t\t\t\t\t<\/div>\n\t\t\t\t<\/div>\n\t\t\t\t<div class=\"elementor-element elementor-element-0a1cf99 elementor-widget elementor-widget-spacer\" data-id=\"0a1cf99\" data-element_type=\"widget\" data-widget_type=\"spacer.default\">\n\t\t\t\t<div class=\"elementor-widget-container\">\n\t\t\t\t\t<div class=\"elementor-spacer\">\n\t\t\t<div class=\"elementor-spacer-inner\"><\/div>\n\t\t<\/div>\n\t\t\t\t<\/div>\n\t\t\t\t<\/div>\n\t\t\t\t<div class=\"elementor-element elementor-element-2cd36ba9 elementor-widget elementor-widget-text-editor\" data-id=\"2cd36ba9\" data-element_type=\"widget\" data-widget_type=\"text-editor.default\">\n\t\t\t\t<div class=\"elementor-widget-container\">\n\t\t\t\t\t\t\t<h5><span style=\"color: #246d81;\">&#8211; AGENDA 1<\/span><\/h5><p><strong>As pessoas primeiro: um melhor equil\u00edbrio demogr\u00e1fico, maior inclus\u00e3o, menos desigualdade;<\/strong><\/p><ul><li>Coloca as pessoas no centro das preocupa\u00e7\u00f5es e pretende promover uma sociedade mais inclusiva e menos desigual, respondendo ainda aos desafios da transi\u00e7\u00e3o demogr\u00e1fica e do envelhecimento. Estes desafios s\u00e3o tanto mais necess\u00e1rios face \u00e0s consequ\u00eancias socioecon\u00f3micas desencadeadas pelo surgimento do COVID-19 com reflexos no agudizar dessas desigualdades nos p\u00fablicos-alvo da presente agenda.<\/li><\/ul><p><strong>Objetivos para 2030:<\/strong><\/p><ul><li>Mitigar a perda populacional atualmente projetada para 2030, prosseguindo a recupera\u00e7\u00e3o dos indicadores de natalidade e refor\u00e7ando os saldos migrat\u00f3rios,<\/li><li>Reduzir a incid\u00eancia de fen\u00f3menos de exclus\u00e3o, incluindo do desemprego de longa dura\u00e7\u00e3o, e pobreza e os indicadores de desigualdade e de precariedade laboral nos adultos, e especialmente nos jovens, convergindo para os n\u00edveis m\u00e9dios da Uni\u00e3o Europeia.<\/li><\/ul>\t\t\t\t\t\t<\/div>\n\t\t\t\t<\/div>\n\t\t\t\t\t<\/div>\n\t\t<\/div>\n\t\t\t\t\t<\/div>\n\t\t<\/section>\n\t\t\t\t<section class=\"elementor-section elementor-top-section elementor-element elementor-element-b27aad0 p-60 bg_gray elementor-section-boxed elementor-section-height-default elementor-section-height-default\" data-id=\"b27aad0\" data-element_type=\"section\">\n\t\t\t\t\t\t<div class=\"elementor-container elementor-column-gap-default\">\n\t\t\t\t\t<div class=\"elementor-column elementor-col-100 elementor-top-column elementor-element elementor-element-34d3ba5\" data-id=\"34d3ba5\" data-element_type=\"column\">\n\t\t\t<div class=\"elementor-widget-wrap elementor-element-populated\">\n\t\t\t\t\t\t<div class=\"elementor-element elementor-element-beceb07 elementor-widget elementor-widget-text-editor\" data-id=\"beceb07\" data-element_type=\"widget\" data-widget_type=\"text-editor.default\">\n\t\t\t\t<div class=\"elementor-widget-container\">\n\t\t\t\t\t\t\t<h5><span style=\"color: #246D81;\">&#8211; AGENDA 2<\/span><\/h5>\n<strong>Digitaliza\u00e7\u00e3o, inova\u00e7\u00e3o e qualifica\u00e7\u00f5es como motores do desenvolvimento<\/strong>\n<ul>\n \t<li>Enfrenta os bloqueios das qualifica\u00e7\u00f5es e da competitividade e transforma\u00e7\u00e3o estrutural do tecido produtivo, respondendo tamb\u00e9m aos novos desafios tecnol\u00f3gicos e societais associados \u00e0 transi\u00e7\u00e3o digital e \u00e0 ind\u00fastria 4.0;<\/li>\n \t<li>\u00e0s novas din\u00e2micas de crescimento setorial p\u00f3s-COVID;<\/li>\n \t<li>\u00e0 necessidade de contribuir para a autonomiza\u00e7\u00e3o e resili\u00eancia geoestrat\u00e9gica da Uni\u00e3o Europeia;<\/li>\n \t<li>e ao mesmo tempo garantir a capacita\u00e7\u00e3o e moderniza\u00e7\u00e3o do Estado para promover a resposta a estes.<\/li>\n<\/ul>\n<strong>Objetivos para 2030<\/strong>\n<ul>\n \t<li>Aumentar a despesa total em I&amp;D para 3% do PIB em 2030;<\/li>\n \t<li>Reduzir a percentagem de adultos, incluindo jovens, em idade ativa sem o n\u00edvel de ensino secund\u00e1rio;<\/li>\n \t<li>Alcan\u00e7ar um n\u00edvel de 60 % dos jovens com 20 anos que frequentem o ensino superior, com 50 % dos graduados de educa\u00e7\u00e3o terci\u00e1ria na faixa et\u00e1ria dos 30 -34 anos at\u00e9 2030;<\/li>\n \t<li>Alcan\u00e7ar um n\u00edvel de lideran\u00e7a europeia de compet\u00eancias digitais at\u00e9 2030;<\/li>\n \t<li>Refor\u00e7ar a participa\u00e7\u00e3o de adultos em forma\u00e7\u00e3o ao longo da vida; refor\u00e7ar a autonomia e soberania produtiva da Uni\u00e3o Europeia;<\/li>\n \t<li>Aumentar as exporta\u00e7\u00f5es de bens e servi\u00e7os, ambicionando-se atingir um volume de exporta\u00e7\u00f5es equivalente a 50 % do PIB na primeira metade desta d\u00e9cada, com enfoque na performance da balan\u00e7a tecnol\u00f3gica;<\/li>\n \t<li>Aumentar a resili\u00eancia financeira e a digitaliza\u00e7\u00e3o das PME; aproximar os n\u00edveis de investimento em capital de risco \u00e0 m\u00e9dia da Europa e refor\u00e7ar a atra\u00e7\u00e3o de investimento direto estrangeiro.<\/li>\n<\/ul>\t\t\t\t\t\t<\/div>\n\t\t\t\t<\/div>\n\t\t\t\t\t<\/div>\n\t\t<\/div>\n\t\t\t\t\t<\/div>\n\t\t<\/section>\n\t\t\t\t<section class=\"elementor-section elementor-top-section elementor-element elementor-element-5c17fab p-60  elementor-section-boxed elementor-section-height-default elementor-section-height-default\" data-id=\"5c17fab\" data-element_type=\"section\">\n\t\t\t\t\t\t<div class=\"elementor-container elementor-column-gap-default\">\n\t\t\t\t\t<div class=\"elementor-column elementor-col-100 elementor-top-column elementor-element elementor-element-61eb730\" data-id=\"61eb730\" data-element_type=\"column\">\n\t\t\t<div class=\"elementor-widget-wrap elementor-element-populated\">\n\t\t\t\t\t\t<div class=\"elementor-element elementor-element-bcc19d0 elementor-widget elementor-widget-text-editor\" data-id=\"bcc19d0\" data-element_type=\"widget\" data-widget_type=\"text-editor.default\">\n\t\t\t\t<div class=\"elementor-widget-container\">\n\t\t\t\t\t\t\t<span style=\"color: #246D81;\">&#8211; AGENDA 3<\/span>\n\n<strong>Transi\u00e7\u00e3o clim\u00e1tica e sustentabilidade dos recursos<\/strong>\n<ul>\n \t<li>Est\u00e1 focada na transi\u00e7\u00e3o clim\u00e1tica e na sustentabilidade e uso eficiente de recursos, promovendo a economia circular e respondendo ao desafio da transi\u00e7\u00e3o energ\u00e9tica e \u00e0 resili\u00eancia do territ\u00f3rio.<\/li>\n<\/ul>\n<strong>Objetivos para 2030:<\/strong>\n<ul>\n \t<li>Reduzir as emiss\u00f5es globais de GEE em 45% a 55% e em 40% no setor dos transportes face a 2005;<\/li>\n \t<li>Aumentar para 47% do peso das energias renov\u00e1veis no consumo final bruto de energia;<\/li>\n \t<li>Reduzir em 35% o consumo de energia prim\u00e1ria; e reduzir para metade a \u00e1rea ardida, de modo a aumentar a capacidade de sequestro do carbono.<\/li>\n<\/ul>\t\t\t\t\t\t<\/div>\n\t\t\t\t<\/div>\n\t\t\t\t\t<\/div>\n\t\t<\/div>\n\t\t\t\t\t<\/div>\n\t\t<\/section>\n\t\t\t\t<section class=\"elementor-section elementor-top-section elementor-element elementor-element-4da6532 p-60  bg_gray elementor-section-boxed elementor-section-height-default elementor-section-height-default\" data-id=\"4da6532\" data-element_type=\"section\">\n\t\t\t\t\t\t<div class=\"elementor-container elementor-column-gap-default\">\n\t\t\t\t\t<div class=\"elementor-column elementor-col-100 elementor-top-column elementor-element elementor-element-c07ae7c\" data-id=\"c07ae7c\" data-element_type=\"column\">\n\t\t\t<div class=\"elementor-widget-wrap elementor-element-populated\">\n\t\t\t\t\t\t<div class=\"elementor-element elementor-element-ca9c948 elementor-widget elementor-widget-text-editor\" data-id=\"ca9c948\" data-element_type=\"widget\" data-widget_type=\"text-editor.default\">\n\t\t\t\t<div class=\"elementor-widget-container\">\n\t\t\t\t\t\t\t<h5><span style=\"color: #246D81;\">&#8211; AGENDA 4<\/span><\/h5>\n<strong>Um pa\u00eds competitivo externamente e coeso internamente<\/strong>\n<ul>\n \t<li>Focada na coes\u00e3o territorial, visa promover um desenvolvimento harmonioso do conjunto do territ\u00f3rio nacional e, em especial, contribuir para reduzir a disparidade entre os n\u00edveis de desenvolvimento das diversas regi\u00f5es, em particular das regi\u00f5es mais desfavorecidas, num contexto de promo\u00e7\u00e3o de transi\u00e7\u00f5es ecol\u00f3gicas e digitais com forte incid\u00eancia territorial e de supera\u00e7\u00e3o dos impactos da pandemia e da crise econ\u00f3mica nos territ\u00f3rios mais afetados, em particular nos mais desfavorecidos.<\/li>\n<\/ul>\t\t\t\t\t\t<\/div>\n\t\t\t\t<\/div>\n\t\t\t\t\t<\/div>\n\t\t<\/div>\n\t\t\t\t\t<\/div>\n\t\t<\/section>\n\t\t\t\t<section class=\"elementor-section elementor-top-section elementor-element elementor-element-4f2b1d0 p-60 elementor-section-boxed elementor-section-height-default elementor-section-height-default\" data-id=\"4f2b1d0\" data-element_type=\"section\">\n\t\t\t\t\t\t<div class=\"elementor-container elementor-column-gap-default\">\n\t\t\t\t\t<div class=\"elementor-column elementor-col-100 elementor-top-column elementor-element elementor-element-2570ecd\" data-id=\"2570ecd\" data-element_type=\"column\">\n\t\t\t<div class=\"elementor-widget-wrap elementor-element-populated\">\n\t\t\t\t\t\t<div class=\"elementor-element elementor-element-f9b15d2 elementor-widget elementor-widget-text-editor\" data-id=\"f9b15d2\" data-element_type=\"widget\" data-widget_type=\"text-editor.default\">\n\t\t\t\t<div class=\"elementor-widget-container\">\n\t\t\t\t\t\t\t<h5><span style=\"color: #246D81;\"><strong>Objetivos para 2030:<\/strong><\/span><\/h5>\n<ul>\n \t<li>Promover o desenvolvimento harmonioso do territ\u00f3rio nacional, assegurando que todas as regi\u00f5es NUTS II convergem em PIB per capita com a m\u00e9dia europeia.<\/li>\n<\/ul>\nA Programa\u00e7\u00e3o ser\u00e1 efetuada tendo por base as prioridades elencadas nas <strong>4 Agendas Tem\u00e1ticas da Estrat\u00e9gia Portugal 2030<\/strong>, as quais se articulam com os <strong>5 Objetivos de Pol\u00edtica elencados pela Comiss\u00e3o Europeia<\/strong>.\n<ol>\n \t<li><strong>Uma Europa mais inteligente<\/strong>, promovendo uma transforma\u00e7\u00e3o econ\u00f3mica inovadora e inteligente;<\/li>\n \t<li><strong>Uma Europa mais verde, hipocarb\u00f3nica e resiliente<\/strong>, encorajando uma transi\u00e7\u00e3o energ\u00e9tica limpa e equitativa, os investimentos verdes e azuis, a economia circular, a adapta\u00e7\u00e3o \u00e0s altera\u00e7\u00f5es clim\u00e1ticas e a preven\u00e7\u00e3o e gest\u00e3o de riscos;<\/li>\n \t<li><strong>Uma Europa mais conectada<\/strong>, refor\u00e7ando a mobilidade e a conectividade das TIC a n\u00edvel regional;<\/li>\n \t<li><strong>Uma Europa mais social<\/strong>, aplicando o Pilar Europeu dos Direitos Sociais;<\/li>\n \t<li><strong>Uma Europa mais pr\u00f3xima dos cidad\u00e3os<\/strong>, fomentando um desenvolvimento sustent\u00e1vel e integrado de todos os tipos de territ\u00f3rios.<\/li>\n<\/ol>\nAs negocia\u00e7\u00f5es para o Quadro Financeiro Plurianual iniciaram-se em 2018, tendo conhecido importantes desenvolvimentos em julho de 2020, no Conselho Europeu, que <strong>atribuiu a Portugal 29,8 mil M\u20ac, dos quais 21 mil M\u20ac no \u00e2mbito dos Fundos da Coes\u00e3o (FEDER, FSE+ e FC).<\/strong>\nPara operacionalizar o <strong>Portugal 2030<\/strong> \u00e9 necess\u00e1rio estabelecer um Acordo de Parceria com a Comiss\u00e3o Europeia, que s\u00f3 poder\u00e1 ser formalizado ap\u00f3s a aprova\u00e7\u00e3o dos regulamentos geral e espec\u00edficos dos Fundos, o que se prev\u00ea que venha a acontecer nos pr\u00f3ximos meses.\t\t\t\t\t\t<\/div>\n\t\t\t\t<\/div>\n\t\t\t\t\t<\/div>\n\t\t<\/div>\n\t\t\t\t\t<\/div>\n\t\t<\/section>\n\t\t\t\t<section class=\"elementor-section elementor-top-section elementor-element elementor-element-89f57c8 pb-60 elementor-section-boxed elementor-section-height-default elementor-section-height-default\" data-id=\"89f57c8\" data-element_type=\"section\">\n\t\t\t\t\t\t<div class=\"elementor-container elementor-column-gap-default\">\n\t\t\t\t\t<div class=\"elementor-column elementor-col-100 elementor-top-column elementor-element elementor-element-985dc83\" data-id=\"985dc83\" data-element_type=\"column\">\n\t\t\t<div class=\"elementor-widget-wrap elementor-element-populated\">\n\t\t\t\t\t\t<div class=\"elementor-element elementor-element-0f25ae3 elementor-widget elementor-widget-text-editor\" data-id=\"0f25ae3\" data-element_type=\"widget\" data-widget_type=\"text-editor.default\">\n\t\t\t\t<div class=\"elementor-widget-container\">\n\t\t\t\t\t\t\t<h4><span style=\"color: #246d81;\">CANDIDATURAS ABERTAS<\/span><\/h4>\t\t\t\t\t\t<\/div>\n\t\t\t\t<\/div>\n\t\t\t\t<div class=\"elementor-element elementor-element-132c341 preserve-img-ratio-cover elementor-widget elementor-widget-the7_elements\" data-id=\"132c341\" data-element_type=\"widget\" data-settings=\"{&quot;widget_columns_wide_desktop_breakpoint&quot;:1199}\" data-widget_type=\"the7_elements.default\">\n\t\t\t\t<div class=\"elementor-widget-container\">\n\t\t\t<div class=\"portfolio-shortcode the7-elementor-widget the7_elements-132c341 mode-grid dt-css-grid-wrap classic-layout-list description-under-image quick-scale-img meta-info-off content-bg-on enable-bg-rollover resize-by-browser-width loading-effect-none\" data-padding=\"15px\" data-mobile-columns-num=\"1\" data-tablet-columns-num=\"2\" data-desktop-columns-num=\"3\" data-wide-desktop-columns-num=\"3\" data-post-limit=\"-1\" data-pagination-mode=\"standard\" data-scroll-offset=\"\"><div class=\"dt-css-grid custom-pagination-handler\"><div class=\"visible wf-cell\" data-post-id=\"16650\" data-date=\"2025-12-09T17:03:44+01:00\" data-name=\"Portugal 2030: Qualifica\u00e7\u00e3o das PME- Candidaturas Abertas\"><article class=\"post visible post-16650 type-post status-publish format-standard has-post-thumbnail hentry category-candidaturas-abertas category-noticias tag-portugal-2030 category-363 category-238 description-off\" data-name=\"Portugal 2030: Qualifica\u00e7\u00e3o das PME- Candidaturas Abertas\" data-date=\"2025-12-09T17:03:44+01:00\">\n\n\t<div class=\"post-thumbnail-wrap\">\n\t\t<div class=\"post-thumbnail\">\n\n\t\t\t<a class=\"post-thumbnail-rollover layzr-bg img-css-resize-wrapper\" aria-label=\"Post image\" href=\"https:\/\/neomarca.pt\/pt\/noticias\/portugal-2030-qualificacao-das-pme-candidaturas-abertas\/\"><img fetchpriority=\"high\" decoding=\"async\" width=\"2500\" height=\"1500\" src=\"data:image\/svg+xml,%3Csvg%20xmlns%3D&#039;http%3A%2F%2Fwww.w3.org%2F2000%2Fsvg&#039;%20viewBox%3D&#039;0%200%202500%201500&#039;%2F%3E\" class=\"attachment-full size-full preload-me aspect lazy lazy-load\" alt=\"\" sizes=\"(max-width: 2500px) 100vw, 2500px\" style=\"--ratio: 2500 \/ 1500;\" data-src=\"https:\/\/neomarca.pt\/wp-content\/uploads\/2025\/12\/Formacao-obrigatoria-nas-empresas-1.jpg\" loading=\"eager\" data-srcset=\"https:\/\/neomarca.pt\/wp-content\/uploads\/2025\/12\/Formacao-obrigatoria-nas-empresas-1.jpg 2500w, https:\/\/neomarca.pt\/wp-content\/uploads\/2025\/12\/Formacao-obrigatoria-nas-empresas-1-300x180.jpg 300w, https:\/\/neomarca.pt\/wp-content\/uploads\/2025\/12\/Formacao-obrigatoria-nas-empresas-1-1024x614.jpg 1024w, https:\/\/neomarca.pt\/wp-content\/uploads\/2025\/12\/Formacao-obrigatoria-nas-empresas-1-768x461.jpg 768w, https:\/\/neomarca.pt\/wp-content\/uploads\/2025\/12\/Formacao-obrigatoria-nas-empresas-1-1536x922.jpg 1536w, https:\/\/neomarca.pt\/wp-content\/uploads\/2025\/12\/Formacao-obrigatoria-nas-empresas-1-2048x1229.jpg 2048w\" title=\"\"><\/a>\n\t\t<\/div>\n\t<\/div>\n\n\n<div class=\"post-entry-content\">\n\n\t<h3 class=\"ele-entry-title\"><a href=\"https:\/\/neomarca.pt\/pt\/noticias\/portugal-2030-qualificacao-das-pme-candidaturas-abertas\/\" rel=\"bookmark\" title=\"Portugal 2030: Qualifica\u00e7\u00e3o das PME- Candidaturas Abertas\">Portugal 2030: Qualifica\u00e7\u00e3o das PME- Candidaturas Abertas<\/a><\/h3>\n<\/div><\/article><\/div><div class=\"visible wf-cell\" data-post-id=\"16622\" data-date=\"2025-10-06T16:03:41+01:00\" data-name=\"Portugal 2030: Internacionaliza\u00e7\u00e3o das PME- Candidaturas Abertas\"><article class=\"post visible post-16622 type-post status-publish format-standard has-post-thumbnail hentry category-candidaturas-abertas category-noticias tag-portugal-2030 category-363 category-238 description-off\" data-name=\"Portugal 2030: Internacionaliza\u00e7\u00e3o das PME- Candidaturas Abertas\" data-date=\"2025-10-06T16:03:41+01:00\">\n\n\t<div class=\"post-thumbnail-wrap\">\n\t\t<div class=\"post-thumbnail\">\n\n\t\t\t<a class=\"post-thumbnail-rollover layzr-bg img-css-resize-wrapper\" aria-label=\"Post image\" href=\"https:\/\/neomarca.pt\/pt\/noticias\/portugal-2030-internacionalizacao-das-pme-candidaturas-abertas\/\"><img decoding=\"async\" width=\"600\" height=\"640\" src=\"data:image\/svg+xml,%3Csvg%20xmlns%3D&#039;http%3A%2F%2Fwww.w3.org%2F2000%2Fsvg&#039;%20viewBox%3D&#039;0%200%20600%20640&#039;%2F%3E\" class=\"attachment-full size-full preload-me aspect lazy lazy-load\" alt=\"\" sizes=\"(max-width: 600px) 100vw, 600px\" style=\"--ratio: 600 \/ 640;\" data-src=\"https:\/\/neomarca.pt\/wp-content\/uploads\/2025\/10\/1.png\" loading=\"eager\" data-srcset=\"https:\/\/neomarca.pt\/wp-content\/uploads\/2025\/10\/1.png 600w, https:\/\/neomarca.pt\/wp-content\/uploads\/2025\/10\/1-281x300.png 281w\" title=\"\"><\/a>\n\t\t<\/div>\n\t<\/div>\n\n\n<div class=\"post-entry-content\">\n\n\t<h3 class=\"ele-entry-title\"><a href=\"https:\/\/neomarca.pt\/pt\/noticias\/portugal-2030-internacionalizacao-das-pme-candidaturas-abertas\/\" rel=\"bookmark\" title=\"Portugal 2030: Internacionaliza\u00e7\u00e3o das PME- Candidaturas Abertas\">Portugal 2030: Internacionaliza\u00e7\u00e3o das PME- Candidaturas Abertas<\/a><\/h3>\n<\/div><\/article><\/div><div class=\"visible wf-cell\" data-post-id=\"16600\" data-date=\"2025-10-02T11:58:52+01:00\" data-name=\"Cria\u00e7\u00e3o de Emprego e Microempreendedorismo | Candidaturas Abertas\"><article class=\"post visible post-16600 type-post status-publish format-standard has-post-thumbnail hentry category-candidaturas-abertas category-noticias tag-apoio-ao-financiamento tag-fundos-comunitarios tag-portugal-2030\" data-name=\"Cria\u00e7\u00e3o de Emprego e Microempreendedorismo | Candidaturas Abertas\" data-date=\"2025-10-02T11:58:52+01:00\">\n\n\t<div class=\"post-thumbnail-wrap\">\n\t\t<div class=\"post-thumbnail\">\n\n\t\t\t<a class=\"post-thumbnail-rollover layzr-bg img-css-resize-wrapper\" aria-label=\"Post image\" href=\"https:\/\/neomarca.pt\/pt\/noticias\/criacao-de-emprego-e-microempreendedorismo-candidaturas-abertas\/\"><img decoding=\"async\" width=\"612\" height=\"444\" src=\"data:image\/svg+xml,%3Csvg%20xmlns%3D&#039;http%3A%2F%2Fwww.w3.org%2F2000%2Fsvg&#039;%20viewBox%3D&#039;0%200%20612%20444&#039;%2F%3E\" class=\"attachment-full size-full preload-me aspect lazy lazy-load\" alt=\"\" sizes=\"(max-width: 612px) 100vw, 612px\" style=\"--ratio: 612 \/ 444;\" data-src=\"https:\/\/neomarca.pt\/wp-content\/uploads\/2025\/10\/istockphoto-1443245439-612x612-1.jpg\" loading=\"eager\" data-srcset=\"https:\/\/neomarca.pt\/wp-content\/uploads\/2025\/10\/istockphoto-1443245439-612x612-1.jpg 612w, https:\/\/neomarca.pt\/wp-content\/uploads\/2025\/10\/istockphoto-1443245439-612x612-1-300x218.jpg 300w\" title=\"\"><\/a>\n\t\t<\/div>\n\t<\/div>\n\n\n<div class=\"post-entry-content\">\n\n\t<h3 class=\"ele-entry-title\"><a href=\"https:\/\/neomarca.pt\/pt\/noticias\/criacao-de-emprego-e-microempreendedorismo-candidaturas-abertas\/\" rel=\"bookmark\" title=\"Cria\u00e7\u00e3o de Emprego e Microempreendedorismo | Candidaturas Abertas\">Cria\u00e7\u00e3o de Emprego e Microempreendedorismo | Candidaturas Abertas<\/a><\/h3>\n<\/div><\/article><\/div><\/div><!-- iso-container|iso-grid --><div class=\"paginator filter-decorations filter-pointer-underline filter-animation-fade\" role=\"navigation\"><a href=\"https:\/\/neomarca.pt\/pt\/wp-json\/wp\/v2\/pages\/5248\/\" class=\"page-numbers filter-item act\" data-page-num=\"1\">1<\/a><a href=\"https:\/\/neomarca.pt\/pt\/wp-json\/wp\/v2\/pages\/5248\/page\/2\/\" class=\"page-numbers filter-item \" data-page-num=\"2\">2<\/a><a href=\"https:\/\/neomarca.pt\/pt\/wp-json\/wp\/v2\/pages\/5248\/page\/3\/\" class=\"page-numbers filter-item \" data-page-num=\"3\">3<\/a><a href=\"https:\/\/neomarca.pt\/pt\/wp-json\/wp\/v2\/pages\/5248\/page\/4\/\" class=\"page-numbers filter-item \" data-page-num=\"4\">4<\/a><a href=\"https:\/\/neomarca.pt\/pt\/wp-json\/wp\/v2\/pages\/5248\/page\/5\/\" class=\"page-numbers filter-item \" data-page-num=\"5\">5<\/a><a href=\"javascript:void(0);\" class=\"dots\">&#8230;<\/a><div style=\"display: none;\"><a href=\"https:\/\/neomarca.pt\/pt\/wp-json\/wp\/v2\/pages\/5248\/page\/6\/\" class=\"page-numbers filter-item \" data-page-num=\"6\">6<\/a><a href=\"https:\/\/neomarca.pt\/pt\/wp-json\/wp\/v2\/pages\/5248\/page\/7\/\" class=\"page-numbers filter-item \" data-page-num=\"7\">7<\/a><a href=\"https:\/\/neomarca.pt\/pt\/wp-json\/wp\/v2\/pages\/5248\/page\/8\/\" class=\"page-numbers filter-item \" data-page-num=\"8\">8<\/a><a href=\"https:\/\/neomarca.pt\/pt\/wp-json\/wp\/v2\/pages\/5248\/page\/9\/\" class=\"page-numbers filter-item \" data-page-num=\"9\">9<\/a><a href=\"https:\/\/neomarca.pt\/pt\/wp-json\/wp\/v2\/pages\/5248\/page\/10\/\" class=\"page-numbers filter-item \" data-page-num=\"10\">10<\/a><a href=\"https:\/\/neomarca.pt\/pt\/wp-json\/wp\/v2\/pages\/5248\/page\/11\/\" class=\"page-numbers filter-item \" data-page-num=\"11\">11<\/a><a href=\"https:\/\/neomarca.pt\/pt\/wp-json\/wp\/v2\/pages\/5248\/page\/12\/\" class=\"page-numbers filter-item \" data-page-num=\"12\">12<\/a><a href=\"https:\/\/neomarca.pt\/pt\/wp-json\/wp\/v2\/pages\/5248\/page\/13\/\" class=\"page-numbers filter-item \" data-page-num=\"13\">13<\/a><a href=\"https:\/\/neomarca.pt\/pt\/wp-json\/wp\/v2\/pages\/5248\/page\/14\/\" class=\"page-numbers filter-item \" data-page-num=\"14\">14<\/a><a href=\"https:\/\/neomarca.pt\/pt\/wp-json\/wp\/v2\/pages\/5248\/page\/15\/\" class=\"page-numbers filter-item \" data-page-num=\"15\">15<\/a><a href=\"https:\/\/neomarca.pt\/pt\/wp-json\/wp\/v2\/pages\/5248\/page\/16\/\" class=\"page-numbers filter-item \" data-page-num=\"16\">16<\/a><a href=\"https:\/\/neomarca.pt\/pt\/wp-json\/wp\/v2\/pages\/5248\/page\/17\/\" class=\"page-numbers filter-item \" data-page-num=\"17\">17<\/a><a href=\"https:\/\/neomarca.pt\/pt\/wp-json\/wp\/v2\/pages\/5248\/page\/18\/\" class=\"page-numbers filter-item \" data-page-num=\"18\">18<\/a><a href=\"https:\/\/neomarca.pt\/pt\/wp-json\/wp\/v2\/pages\/5248\/page\/19\/\" class=\"page-numbers filter-item \" data-page-num=\"19\">19<\/a><\/div><a href=\"https:\/\/neomarca.pt\/pt\/wp-json\/wp\/v2\/pages\/5248\/page\/20\/\" class=\"page-numbers filter-item \" data-page-num=\"20\">20<\/a><a href=\"https:\/\/neomarca.pt\/pt\/wp-json\/wp\/v2\/pages\/5248\/page\/2\/\" class=\"page-numbers nav-next filter-item\" data-page-num=\"2\" >\u2192<\/a><\/div><\/div>\t\t<\/div>\n\t\t\t\t<\/div>\n\t\t\t\t\t<\/div>\n\t\t<\/div>\n\t\t\t\t\t<\/div>\n\t\t<\/section>\n\t\t\t\t<section class=\"elementor-section elementor-top-section elementor-element elementor-element-3c1e8a19 elementor-section-content-middle elementor-section-boxed elementor-section-height-default elementor-section-height-default\" data-id=\"3c1e8a19\" data-element_type=\"section\">\n\t\t\t\t\t\t<div class=\"elementor-container elementor-column-gap-no\">\n\t\t\t\t\t<div class=\"elementor-column elementor-col-50 elementor-top-column elementor-element elementor-element-2f0a64cd\" data-id=\"2f0a64cd\" data-element_type=\"column\">\n\t\t\t<div class=\"elementor-widget-wrap elementor-element-populated\">\n\t\t\t\t\t\t<div class=\"elementor-element elementor-element-417825ea elementor-widget elementor-widget-heading\" data-id=\"417825ea\" data-element_type=\"widget\" data-widget_type=\"heading.default\">\n\t\t\t\t<div class=\"elementor-widget-container\">\n\t\t\t<h2 class=\"elementor-heading-title elementor-size-default\">Qual o financiamento mais adequado para o seu investimento?<\/h2>\t\t<\/div>\n\t\t\t\t<\/div>\n\t\t\t\t<div class=\"elementor-element elementor-element-7399392a elementor-widget elementor-widget-text-editor\" data-id=\"7399392a\" data-element_type=\"widget\" data-widget_type=\"text-editor.default\">\n\t\t\t\t<div class=\"elementor-widget-container\">\n\t\t\t\t\t\t\t<p><strong>Contacte-nos. <\/strong>Fale com a nossa equipa de especialistas.<\/p>\t\t\t\t\t\t<\/div>\n\t\t\t\t<\/div>\n\t\t\t\t\t<\/div>\n\t\t<\/div>\n\t\t\t\t<div class=\"elementor-column elementor-col-50 elementor-top-column elementor-element elementor-element-39e3ad34\" data-id=\"39e3ad34\" data-element_type=\"column\">\n\t\t\t<div class=\"elementor-widget-wrap elementor-element-populated\">\n\t\t\t\t\t\t<div class=\"elementor-element elementor-element-12ebbf54 elementor-align-right elementor-mobile-align-left elementor-widget elementor-widget-button\" data-id=\"12ebbf54\" data-element_type=\"widget\" data-widget_type=\"button.default\">\n\t\t\t\t<div class=\"elementor-widget-container\">\n\t\t\t\t\t<div class=\"elementor-button-wrapper\">\n\t\t\t<a class=\"elementor-button elementor-button-link elementor-size-sm elementor-animation-grow\" href=\"mailto:info@neomarca.eu\">\n\t\t\t\t\t\t<span class=\"elementor-button-content-wrapper\">\n\t\t\t\t\t\t<span class=\"elementor-button-text\">Agendar Reuni\u00e3o<\/span>\n\t\t<\/span>\n\t\t\t\t\t<\/a>\n\t\t<\/div>\n\t\t\t\t<\/div>\n\t\t\t\t<\/div>\n\t\t\t\t\t<\/div>\n\t\t<\/div>\n\t\t\t\t\t<\/div>\n\t\t<\/section>\n\t\t\t\t<\/div>\n\t\t","protected":false},"excerpt":{"rendered":"<p>O Portugal 2030 p\u00f5e em pr\u00e1tica o Acordo de Parceria entre Portugal e a Comiss\u00e3o Europeia para aplicar\u00a023 mil milh\u00f5es de euros dos fundos europeus em projetos que estimulem e desenvolvam a economia portuguesa, entre 2021 e 2027. A programa\u00e7\u00e3o do Portugal 2030 \u00e9 feita em torno de\u00a0cinco\u00a0objetivos estrat\u00e9gicos\u00a0e\u00a0um objetivo espec\u00edfico\u00a0da Uni\u00e3o Europeia. Portugal +&hellip;<\/p>\n","protected":false},"author":3,"featured_media":0,"parent":0,"menu_order":0,"comment_status":"closed","ping_status":"closed","template":"","meta":{"_monsterinsights_skip_tracking":false,"_monsterinsights_sitenote_active":false,"_monsterinsights_sitenote_note":"","_monsterinsights_sitenote_category":0,"footnotes":""},"class_list":["post-5248","page","type-page","status-publish","hentry"],"acf":[],"_links":{"self":[{"href":"https:\/\/neomarca.pt\/pt\/wp-json\/wp\/v2\/pages\/5248","targetHints":{"allow":["GET"]}}],"collection":[{"href":"https:\/\/neomarca.pt\/pt\/wp-json\/wp\/v2\/pages"}],"about":[{"href":"https:\/\/neomarca.pt\/pt\/wp-json\/wp\/v2\/types\/page"}],"author":[{"embeddable":true,"href":"https:\/\/neomarca.pt\/pt\/wp-json\/wp\/v2\/users\/3"}],"replies":[{"embeddable":true,"href":"https:\/\/neomarca.pt\/pt\/wp-json\/wp\/v2\/comments?post=5248"}],"version-history":[{"count":3,"href":"https:\/\/neomarca.pt\/pt\/wp-json\/wp\/v2\/pages\/5248\/revisions"}],"predecessor-version":[{"id":15745,"href":"https:\/\/neomarca.pt\/pt\/wp-json\/wp\/v2\/pages\/5248\/revisions\/15745"}],"wp:attachment":[{"href":"https:\/\/neomarca.pt\/pt\/wp-json\/wp\/v2\/media?parent=5248"}],"curies":[{"name":"wp","href":"https:\/\/api.w.org\/{rel}","templated":true}]}}